{"id":5464,"date":"2021-05-20T10:35:08","date_gmt":"2021-05-20T08:35:08","guid":{"rendered":"https:\/\/campolameiro.org\/?page_id=5464"},"modified":"2021-05-20T10:35:11","modified_gmt":"2021-05-20T08:35:11","slug":"ordenanzas","status":"publish","type":"page","link":"https:\/\/campolameiro.org\/es\/ordenanzas\/","title":{"rendered":"Ordenanzas"},"content":{"rendered":"<div class=\"wpb-content-wrapper\"><p>[vc_row][vc_column width=\u00bb1\/12&#8243;][vc_icon icon_fontawesome=\u00bbfa fa-file-pdf-o\u00bb color=\u00bbcustom\u00bb size=\u00bbxl\u00bb align=\u00bbright\u00bb custom_color=\u00bb#2d914f\u00bb link=\u00bburl:%2Fwp-content%2Fuploads%2F2018%2F06%2Fsolicitude_levantamento_acta_alinacion_urbanis.pdf||target:%20_blank|\u00bb][\/vc_column][vc_column width=\u00bb11\/12&#8243;][vc_custom_heading text=\u00bbModificaci\u00f3n anexo ordenanza fiscal de la tasa por servicios de subministro y distribuci\u00f3n de agua\u00bb font_container=\u00bbtag:h3|text_align:left\u00bb google_fonts=\u00bbfont_family:Roboto%20Slab%3A100%2C300%2Cregular%2C700|font_style:700%20bold%20regular%3A700%3Anormal\u00bb link=\u00bburl:https%3A%2F%2Fcampolameiro.org%2Fwp-content%2Fuploads%2F2021%2F05%2FMODIFICACION-ANEXO-ORDENANZA-FISCAL-DA-TAXA-POR-SERVIZOS-DE-SUBMINISTRO-E-DISTRIBUCION-DE-AUGA.pdf|target:_blank|\u00bb][\/vc_column][\/vc_row][vc_row][vc_column width=\u00bb1\/12&#8243;][vc_icon icon_fontawesome=\u00bbfa fa-file-pdf-o\u00bb color=\u00bbcustom\u00bb size=\u00bbxl\u00bb align=\u00bbright\u00bb custom_color=\u00bb#2d914f\u00bb link=\u00bburl:%2Fwp-content%2Fuploads%2F2018%2F06%2Fsolicitude_licenza_actividade_clasificada.pdf||target:%20_blank|\u00bb][\/vc_column][vc_column width=\u00bb11\/12&#8243;][vc_custom_heading text=\u00bbModificaci\u00f3n de la ordenanza fiscal reguladora de la tasa por servicio recogida de basura\u00bb font_container=\u00bbtag:h3|text_align:left\u00bb google_fonts=\u00bbfont_family:Roboto%20Slab%3A100%2C300%2Cregular%2C700|font_style:700%20bold%20regular%3A700%3Anormal\u00bb link=\u00bburl:https%3A%2F%2Fcampolameiro.org%2Fwp-content%2Fuploads%2F2021%2F05%2FMODIFICACION-DA-ORDENANZA-FISCAL-REGULADORA-DA-TAXA-POR-SERVIZO-RECOLLIDA-DE-LIXO.pdf|target:_blank|\u00bb][\/vc_column][\/vc_row][vc_row][vc_column width=\u00bb1\/12&#8243;][vc_icon icon_fontawesome=\u00bbfa fa-file-pdf-o\u00bb color=\u00bbcustom\u00bb size=\u00bbxl\u00bb align=\u00bbright\u00bb custom_color=\u00bb#2d914f\u00bb link=\u00bburl:%2Fwp-content%2Fuploads%2F2018%2F06%2Fsolicitude_licenza_actividade_inocua.pdf||target:%20_blank|\u00bb][\/vc_column][vc_column width=\u00bb11\/12&#8243;][vc_custom_heading text=\u00bbModificaci\u00f3n de la ordenanza fiscal reguladora del impuesto sobre veh\u00edculos de tracci\u00f3n mec\u00e1nica\u00bb font_container=\u00bbtag:h3|text_align:left\u00bb google_fonts=\u00bbfont_family:Roboto%20Slab%3A100%2C300%2Cregular%2C700|font_style:700%20bold%20regular%3A700%3Anormal\u00bb link=\u00bburl:https%3A%2F%2Fcampolameiro.org%2Fwp-content%2Fuploads%2F2021%2F05%2FMODIFICACION-DA-ORDENANZA-FISCAL-REGULADORA-DO-IMPOSTO-SOBRE-VEHICULOS-DE-TRACCION-MECANICA.pdf|target:_blank|\u00bb][\/vc_column][\/vc_row][vc_row][vc_column width=\u00bb1\/12&#8243;][vc_icon icon_fontawesome=\u00bbfa fa-file-pdf-o\u00bb color=\u00bbcustom\u00bb size=\u00bbxl\u00bb align=\u00bbright\u00bb custom_color=\u00bb#2d914f\u00bb link=\u00bburl:%2Fwp-content%2Fuploads%2F2018%2F06%2Fsolicitude_licenza_obras_maiores.pdf||target:%20_blank|\u00bb][\/vc_column][vc_column width=\u00bb11\/12&#8243;][vc_custom_heading text=\u00bbModificaci\u00f3n del anexo de la ordenanza reguladora de la tasa por licencias de auto-taxis y dem\u00e1s veh\u00edculos de alquiler\u00bb font_container=\u00bbtag:h3|text_align:left\u00bb google_fonts=\u00bbfont_family:Roboto%20Slab%3A100%2C300%2Cregular%2C700|font_style:700%20bold%20regular%3A700%3Anormal\u00bb link=\u00bburl:https%3A%2F%2Fcampolameiro.org%2Fwp-content%2Fuploads%2F2021%2F05%2FMODIFICACION-DO-ANEXO-DA-ORDENANZA-REGULADORA-DA-TAXA-POR-LICENZAS-DE-AUTO-TAXIS-E-DEMAIS-VEHICULOS-DE-ALUGUEIRO.pdf|target:_blank|\u00bb][\/vc_column][\/vc_row][vc_row][vc_column width=\u00bb1\/12&#8243;][vc_icon icon_fontawesome=\u00bbfa fa-file-pdf-o\u00bb color=\u00bbcustom\u00bb size=\u00bbxl\u00bb align=\u00bbright\u00bb custom_color=\u00bb#2d914f\u00bb link=\u00bburl:%2Fwp-content%2Fuploads%2F2018%2F06%2Fsolicitude_licenza_obras_menores.pdf||target:%20_blank|\u00bb][\/vc_column][vc_column width=\u00bb11\/12&#8243;][vc_custom_heading text=\u00bbModificaci\u00f3n de los precios puestos mercado municipal\u00bb font_container=\u00bbtag:h3|text_align:left\u00bb google_fonts=\u00bbfont_family:Roboto%20Slab%3A100%2C300%2Cregular%2C700|font_style:700%20bold%20regular%3A700%3Anormal\u00bb link=\u00bburl:https%3A%2F%2Fcampolameiro.org%2Fwp-content%2Fuploads%2F2021%2F05%2FMODIFICACION-DOS-PREZOS-POSTOS-MERCADO-MUNICIPAL.pdf|target:_blank|\u00bb][\/vc_column][\/vc_row][vc_row][vc_column width=\u00bb1\/12&#8243;][vc_icon icon_fontawesome=\u00bbfa fa-file-pdf-o\u00bb color=\u00bbcustom\u00bb size=\u00bbxl\u00bb align=\u00bbright\u00bb custom_color=\u00bb#2d914f\u00bb link=\u00bburl:%2Fwp-content%2Fuploads%2F2018%2F06%2Fsolicitude_licenza_primeira_ocupacion.pdf||target:%20_blank|\u00bb][\/vc_column][vc_column width=\u00bb11\/12&#8243;][vc_custom_heading text=\u00bbModificaci\u00f3n ordenanza reguladora tasa por expedici\u00f3n de documentos administrativos\u00bb font_container=\u00bbtag:h3|text_align:left\u00bb google_fonts=\u00bbfont_family:Roboto%20Slab%3A100%2C300%2Cregular%2C700|font_style:700%20bold%20regular%3A700%3Anormal\u00bb link=\u00bburl:https%3A%2F%2Fcampolameiro.org%2Fwp-content%2Fuploads%2F2021%2F05%2FMODIFICACION-ORDENANZA-REGULADORA-TAXA-POR-EXPEDICION-DE-DOCUMENTOS-ADMINISTRATIVOS.pdf|target:_blank|\u00bb][\/vc_column][\/vc_row][vc_row][vc_column width=\u00bb1\/12&#8243;][vc_icon icon_fontawesome=\u00bbfa fa-file-pdf-o\u00bb color=\u00bbcustom\u00bb size=\u00bbxl\u00bb align=\u00bbright\u00bb custom_color=\u00bb#2d914f\u00bb link=\u00bburl:%2Fwp-content%2Fuploads%2F2018%2F06%2Fsolicitude_segregacion_parcela.pdf||target:%20_blank|\u00bb][\/vc_column][vc_column width=\u00bb11\/12&#8243;][vc_custom_heading text=\u00bbModificaci\u00f3n parcial ordenanza reguladora impuesto construcciones, instalaciones y obras\u00bb font_container=\u00bbtag:h3|text_align:left\u00bb google_fonts=\u00bbfont_family:Roboto%20Slab%3A100%2C300%2Cregular%2C700|font_style:700%20bold%20regular%3A700%3Anormal\u00bb link=\u00bburl:https%3A%2F%2Fcampolameiro.org%2Fwp-content%2Fuploads%2F2021%2F05%2FMODIFICACION-PARCIAL-ORDENANZA-REGULADORA-IMPOSTO-CONSTRUCIONS-INSTALACIONS-E-OBRAS.pdf|target:_blank|\u00bb][\/vc_column][\/vc_row][vc_row][vc_column width=\u00bb1\/12&#8243;][vc_icon icon_fontawesome=\u00bbfa fa-file-pdf-o\u00bb color=\u00bbcustom\u00bb size=\u00bbxl\u00bb align=\u00bbright\u00bb custom_color=\u00bb#2d914f\u00bb link=\u00bburl:%2Fwp-content%2Fuploads%2F2018%2F06%2Fsolicitude_prorroga_lic_obras.pdf||target:%20_blank|\u00bb][\/vc_column][vc_column width=\u00bb11\/12&#8243;][vc_custom_heading text=\u00bbOrdenanza fiscal del impuesto sobre bienes inmuebles de caracter\u00edsticas especiales\u00bb font_container=\u00bbtag:h3|text_align:left\u00bb google_fonts=\u00bbfont_family:Roboto%20Slab%3A100%2C300%2Cregular%2C700|font_style:700%20bold%20regular%3A700%3Anormal\u00bb link=\u00bburl:https%3A%2F%2Fcampolameiro.org%2Fwp-content%2Fuploads%2F2021%2F05%2FORDENANZA-FISCAL-DO-IMPOSTO-SOBRE-BENS-INMOBLES-DE-CARACTERISTICAS-ESPECIAIS.pdf|target:_blank|\u00bb][\/vc_column][\/vc_row][vc_row][vc_column width=\u00bb1\/12&#8243;][vc_icon icon_fontawesome=\u00bbfa fa-file-pdf-o\u00bb color=\u00bbcustom\u00bb size=\u00bbxl\u00bb align=\u00bbright\u00bb custom_color=\u00bb#2d914f\u00bb link=\u00bburl:%2Fwp-content%2Fuploads%2F2018%2F06%2Fsolicitude_prorroga_lic_obras.pdf||target:%20_blank|\u00bb][\/vc_column][vc_column width=\u00bb11\/12&#8243;][vc_custom_heading text=\u00bbOrdenanza fiscal que regula la tasa por la prestaci\u00f3n del servicio de ayuda en el hogar y servicio de teleasistencia domiciliaria\u00bb font_container=\u00bbtag:h3|text_align:left\u00bb google_fonts=\u00bbfont_family:Roboto%20Slab%3A100%2C300%2Cregular%2C700|font_style:700%20bold%20regular%3A700%3Anormal\u00bb link=\u00bburl:https%3A%2F%2Fcampolameiro.org%2Fwp-content%2Fuploads%2F2021%2F05%2FORDENANZA-FISCAL-QUE-REGULA-A-TAXA-POLA-PRESTACION-DO-SERVIZO-DE-AXUDA-NO-FOGAR-E-SERVIZO-DE-TELEASISTENCIA-DOMICILIARIA.pdf|target:_blank|\u00bb][\/vc_column][\/vc_row][vc_row][vc_column width=\u00bb1\/12&#8243;][vc_icon icon_fontawesome=\u00bbfa fa-file-pdf-o\u00bb color=\u00bbcustom\u00bb size=\u00bbxl\u00bb align=\u00bbright\u00bb custom_color=\u00bb#2d914f\u00bb link=\u00bburl:%2Fwp-content%2Fuploads%2F2018%2F06%2Fsolicitude_prorroga_lic_obras.pdf||target:%20_blank|\u00bb][\/vc_column][vc_column width=\u00bb11\/12&#8243;][vc_custom_heading text=\u00bbOrdenanza fiscal reguladora de la prestaci\u00f3n de actividades en las instalaciones deportivas municipales\u00bb font_container=\u00bbtag:h3|text_align:left\u00bb google_fonts=\u00bbfont_family:Roboto%20Slab%3A100%2C300%2Cregular%2C700|font_style:700%20bold%20regular%3A700%3Anormal\u00bb link=\u00bburl:https%3A%2F%2Fcampolameiro.org%2Fwp-content%2Fuploads%2F2021%2F05%2FORDENANZA-FISCAL-REGULADORA-DA-PRESTACION-DE-ACTIVIDADES-NAS-INSTALACIONS-DEPORTIVAS-MUNICIPAIS.pdf|target:_blank|\u00bb][\/vc_column][\/vc_row][vc_row][vc_column width=\u00bb1\/12&#8243;][vc_icon icon_fontawesome=\u00bbfa fa-file-pdf-o\u00bb color=\u00bbcustom\u00bb size=\u00bbxl\u00bb align=\u00bbright\u00bb custom_color=\u00bb#2d914f\u00bb link=\u00bburl:%2Fwp-content%2Fuploads%2F2018%2F06%2Fsolicitude_prorroga_lic_obras.pdf||target:%20_blank|\u00bb][\/vc_column][vc_column width=\u00bb11\/12&#8243;][vc_custom_heading text=\u00bbOrdenanza fiscal reguladora de la tasa por concesi\u00f3n licencia primera ocupaci\u00f3n de edificios\u00bb font_container=\u00bbtag:h3|text_align:left\u00bb google_fonts=\u00bbfont_family:Roboto%20Slab%3A100%2C300%2Cregular%2C700|font_style:700%20bold%20regular%3A700%3Anormal\u00bb link=\u00bburl:https%3A%2F%2Fcampolameiro.org%2Fwp-content%2Fuploads%2F2021%2F05%2FORDENANZA-FISCAL-REGULADORA-DA-TAXA-POR-CONCESION-LICENZA-PRIMEIRA-OCUPACION-DE-EDIFICIOS.pdf|target:_blank|\u00bb][\/vc_column][\/vc_row][vc_row][vc_column width=\u00bb1\/12&#8243;][vc_icon icon_fontawesome=\u00bbfa fa-file-pdf-o\u00bb color=\u00bbcustom\u00bb size=\u00bbxl\u00bb align=\u00bbright\u00bb custom_color=\u00bb#2d914f\u00bb link=\u00bburl:%2Fwp-content%2Fuploads%2F2018%2F06%2Fsolicitude_prorroga_lic_obras.pdf||target:%20_blank|\u00bb][\/vc_column][vc_column width=\u00bb11\/12&#8243;][vc_custom_heading text=\u00bbOrdenanza fiscal reguladora de la tasa por licencia de apertura de establecimientos\u00bb font_container=\u00bbtag:h3|text_align:left\u00bb google_fonts=\u00bbfont_family:Roboto%20Slab%3A100%2C300%2Cregular%2C700|font_style:700%20bold%20regular%3A700%3Anormal\u00bb link=\u00bburl:https%3A%2F%2Fcampolameiro.org%2Fwp-content%2Fuploads%2F2021%2F05%2FORDENANZA-FISCAL-REGULADORA-DA-TAXA-POR-LICENZA-DE-APERTURA-DE-ESTABLECEMENTOS.pdf|target:_blank|\u00bb][\/vc_column][\/vc_row][vc_row][vc_column width=\u00bb1\/12&#8243;][vc_icon icon_fontawesome=\u00bbfa fa-file-pdf-o\u00bb color=\u00bbcustom\u00bb size=\u00bbxl\u00bb align=\u00bbright\u00bb custom_color=\u00bb#2d914f\u00bb link=\u00bburl:%2Fwp-content%2Fuploads%2F2018%2F06%2Fsolicitude_prorroga_lic_obras.pdf||target:%20_blank|\u00bb][\/vc_column][vc_column width=\u00bb11\/12&#8243;][vc_custom_heading text=\u00bbOrdenanza fiscal reguladora de la tasa por licencias urban\u00edsticas\u00bb font_container=\u00bbtag:h3|text_align:left\u00bb google_fonts=\u00bbfont_family:Roboto%20Slab%3A100%2C300%2Cregular%2C700|font_style:700%20bold%20regular%3A700%3Anormal\u00bb link=\u00bburl:https%3A%2F%2Fcampolameiro.org%2Fwp-content%2Fuploads%2F2021%2F05%2FORDENANZA-FISCAL-REGULADORA-DA-TAXA-POR-LICENZAS-URBANISTICAS.pdf|target:_blank|\u00bb][\/vc_column][\/vc_row][vc_row][vc_column width=\u00bb1\/12&#8243;][vc_icon icon_fontawesome=\u00bbfa fa-file-pdf-o\u00bb color=\u00bbcustom\u00bb size=\u00bbxl\u00bb align=\u00bbright\u00bb custom_color=\u00bb#2d914f\u00bb link=\u00bburl:%2Fwp-content%2Fuploads%2F2018%2F06%2Fsolicitude_prorroga_lic_obras.pdf||target:%20_blank|\u00bb][\/vc_column][vc_column width=\u00bb11\/12&#8243;][vc_custom_heading text=\u00bbOrdenanza fiscal reguladora del impuesto sobre construcciones\u00bb font_container=\u00bbtag:h3|text_align:left\u00bb google_fonts=\u00bbfont_family:Roboto%20Slab%3A100%2C300%2Cregular%2C700|font_style:700%20bold%20regular%3A700%3Anormal\u00bb link=\u00bburl:https%3A%2F%2Fcampolameiro.org%2Fwp-content%2Fuploads%2F2021%2F05%2FORDENANZA-FISCAL-REGULADORA-DO-IMPOSTO-SOBRE-CONSTRUCIONS.pdf|target:_blank|\u00bb][\/vc_column][\/vc_row][vc_row][vc_column width=\u00bb1\/12&#8243;][vc_icon icon_fontawesome=\u00bbfa fa-file-pdf-o\u00bb color=\u00bbcustom\u00bb size=\u00bbxl\u00bb align=\u00bbright\u00bb custom_color=\u00bb#2d914f\u00bb link=\u00bburl:%2Fwp-content%2Fuploads%2F2018%2F06%2Fsolicitude_prorroga_lic_obras.pdf||target:%20_blank|\u00bb][\/vc_column][vc_column width=\u00bb11\/12&#8243;][vc_custom_heading text=\u00bbOrdenanza reguladora de la tasa por la utilizaci\u00f3n de locales en el Sobrino Buhigas y edificios de A Chancina\u00bb font_container=\u00bbtag:h3|text_align:left\u00bb google_fonts=\u00bbfont_family:Roboto%20Slab%3A100%2C300%2Cregular%2C700|font_style:700%20bold%20regular%3A700%3Anormal\u00bb link=\u00bburl:https%3A%2F%2Fcampolameiro.org%2Fwp-content%2Fuploads%2F2021%2F05%2FORDENANZA-REGULADORA-DA-TAXA-POLA-UTILIZACION-DE-LOCAIS-NO-SOBRINO-BUHIGAS-E-EDIFICIOS-DE-A-CHANCINA.pdf|target:_blank|\u00bb][\/vc_column][\/vc_row][vc_row][vc_column width=\u00bb1\/12&#8243;][vc_icon icon_fontawesome=\u00bbfa fa-file-pdf-o\u00bb color=\u00bbcustom\u00bb size=\u00bbxl\u00bb align=\u00bbright\u00bb custom_color=\u00bb#2d914f\u00bb link=\u00bburl:%2Fwp-content%2Fuploads%2F2018%2F06%2Fsolicitude_prorroga_lic_obras.pdf||target:%20_blank|\u00bb][\/vc_column][vc_column width=\u00bb11\/12&#8243;][vc_custom_heading text=\u00bbOrdenanza reguladora de la tasa por los servicios facultativos que se presten en obras municipales\u00bb font_container=\u00bbtag:h3|text_align:left\u00bb google_fonts=\u00bbfont_family:Roboto%20Slab%3A100%2C300%2Cregular%2C700|font_style:700%20bold%20regular%3A700%3Anormal\u00bb link=\u00bburl:https%3A%2F%2Fcampolameiro.org%2Fwp-content%2Fuploads%2F2021%2F05%2FORDENANZA-REGULADORA-DA-TAXA-POLOS-SERVIZOS-FACULTATIVOS-QUE-SE-PRESTEN-EN-OBRAS-MUNICIPAIS.pdf|target:_blank|\u00bb][\/vc_column][\/vc_row][vc_row][vc_column width=\u00bb1\/12&#8243;][vc_icon icon_fontawesome=\u00bbfa fa-file-pdf-o\u00bb color=\u00bbcustom\u00bb size=\u00bbxl\u00bb align=\u00bbright\u00bb custom_color=\u00bb#2d914f\u00bb link=\u00bburl:%2Fwp-content%2Fuploads%2F2018%2F06%2Fsolicitude_prorroga_lic_obras.pdf||target:%20_blank|\u00bb][\/vc_column][vc_column width=\u00bb11\/12&#8243;][vc_custom_heading text=\u00bbOrdenanza reguladora del precio p\u00fablico por la entrada a las actuaciones en el centro Sobrino Buhigas\u00bb font_container=\u00bbtag:h3|text_align:left\u00bb google_fonts=\u00bbfont_family:Roboto%20Slab%3A100%2C300%2Cregular%2C700|font_style:700%20bold%20regular%3A700%3Anormal\u00bb link=\u00bburl:https%3A%2F%2Fcampolameiro.org%2Fwp-content%2Fuploads%2F2021%2F05%2FORDENANZA-REGULADORA-DO-PREZO-PUBLICO-POLA-ENTRADA-AS-ACTUACIONS-NO-CENTRO-SOBRINO-BUHIGAS.pdf|target:_blank|\u00bb][\/vc_column][\/vc_row]\n<\/div>","protected":false},"excerpt":{"rendered":"<p>[vc_row][vc_column width=\u00bb1\/12&#8243;][vc_icon icon_fontawesome=\u00bbfa fa-file-pdf-o\u00bb color=\u00bbcustom\u00bb size=\u00bbxl\u00bb align=\u00bbright\u00bb custom_color=\u00bb#2d914f\u00bb link=\u00bburl:%2Fwp-content%2Fuploads%2F2018%2F06%2Fsolicitude_levantamento_acta_alinacion_urbanis.pdf||target:%20_blank|\u00bb][\/vc_column][vc_column width=\u00bb11\/12&#8243;][vc_custom_heading text=\u00bbModificaci\u00f3n anexo ordenanza fiscal de la tasa por servicios de subministro y distribuci\u00f3n de agua\u00bb font_container=\u00bbtag:h3|text_align:left\u00bb google_fonts=\u00bbfont_family:Roboto%20Slab%3A100%2C300%2Cregular%2C700|font_style:700%20bold%20regular%3A700%3Anormal\u00bb link=\u00bburl:https%3A%2F%2Fcampolameiro.org%2Fwp-content%2Fuploads%2F2021%2F05%2FMODIFICACION-ANEXO-ORDENANZA-FISCAL-DA-TAXA-POR-SERVIZOS-DE-SUBMINISTRO-E-DISTRIBUCION-DE-AUGA.pdf|target:_blank|\u00bb][\/vc_column][\/vc_row][vc_row][vc_column width=\u00bb1\/12&#8243;][vc_icon icon_fontawesome=\u00bbfa fa-file-pdf-o\u00bb color=\u00bbcustom\u00bb size=\u00bbxl\u00bb align=\u00bbright\u00bb custom_color=\u00bb#2d914f\u00bb link=\u00bburl:%2Fwp-content%2Fuploads%2F2018%2F06%2Fsolicitude_licenza_actividade_clasificada.pdf||target:%20_blank|\u00bb][\/vc_column][vc_column width=\u00bb11\/12&#8243;][vc_custom_heading text=\u00bbModificaci\u00f3n de la ordenanza fiscal reguladora de la tasa por servicio recogida de basura\u00bb font_container=\u00bbtag:h3|text_align:left\u00bb google_fonts=\u00bbfont_family:Roboto%20Slab%3A100%2C300%2Cregular%2C700|font_style:700%20bold%20regular%3A700%3Anormal\u00bb link=\u00bburl:https%3A%2F%2Fcampolameiro.org%2Fwp-content%2Fuploads%2F2021%2F05%2FMODIFICACION-DA-ORDENANZA-FISCAL-REGULADORA-DA-TAXA-POR-SERVIZO-RECOLLIDA-DE-LIXO.pdf|target:_blank|\u00bb][\/vc_column][\/vc_row][vc_row][vc_column width=\u00bb1\/12&#8243;][vc_icon [&hellip;]<\/p>\n","protected":false},"author":1,"featured_media":0,"parent":0,"menu_order":0,"comment_status":"closed","ping_status":"closed","template":"","meta":{"footnotes":""},"aioseo_notices":[],"_links":{"self":[{"href":"https:\/\/campolameiro.org\/es\/wp-json\/wp\/v2\/pages\/5464"}],"collection":[{"href":"https:\/\/campolameiro.org\/es\/wp-json\/wp\/v2\/pages"}],"about":[{"href":"https:\/\/campolameiro.org\/es\/wp-json\/wp\/v2\/types\/page"}],"author":[{"embeddable":true,"href":"https:\/\/campolameiro.org\/es\/wp-json\/wp\/v2\/users\/1"}],"replies":[{"embeddable":true,"href":"https:\/\/campolameiro.org\/es\/wp-json\/wp\/v2\/comments?post=5464"}],"version-history":[{"count":3,"href":"https:\/\/campolameiro.org\/es\/wp-json\/wp\/v2\/pages\/5464\/revisions"}],"predecessor-version":[{"id":5479,"href":"https:\/\/campolameiro.org\/es\/wp-json\/wp\/v2\/pages\/5464\/revisions\/5479"}],"wp:attachment":[{"href":"https:\/\/campolameiro.org\/es\/wp-json\/wp\/v2\/media?parent=5464"}],"curies":[{"name":"wp","href":"https:\/\/api.w.org\/{rel}","templated":true}]}}